{"id":69,"date":"2023-07-11T11:47:43","date_gmt":"2023-07-11T14:47:43","guid":{"rendered":"https:\/\/casadefamilia.org.ar\/cursos\/?page_id=69"},"modified":"2023-12-26T21:20:01","modified_gmt":"2023-12-27T00:20:01","slug":"cursos","status":"publish","type":"page","link":"https:\/\/casadefamilia.org.ar\/cursos\/","title":{"rendered":"Cursos"},"content":{"rendered":"        <div class=\"guten-event-blocks\">\n            <div class='etn-row etn-event-wrapper'>\n        <div class=\"etn-col-md-6 etn-col-lg-4\">\n        <div class=\"etn-event-item\">\n            <!-- thumbnail -->\n            <div class=\"etn-event-thumb\">\n                                    <a\n                        href=\"https:\/\/casadefamilia.org.ar\/cursos\/eventos\/metodo-selec\/\"\n                        aria-label=\"Cursos\"\n                    >\n                        <img decoding=\"async\" src=\"https:\/\/casadefamilia.org.ar\/cursos\/wp-content\/uploads\/2024\/08\/7250a570-bdc3-4ef2-b628-d1cbb49b6cc4-e1724254188170.jpg\" alt=\"Image\">\n                    <\/a>\n                \n                <div class=\"etn-event-category\">\n                    <span>Online<\/span>                 <\/div>\n                            <\/div>\n            <!-- thumbnail start-->\n\n            <!-- content start-->\n            <div class=\"etn-event-content\">\n                                                            <div class=\"etn-event-location\">\n                            <i class=\"etn-icon etn-location\"><\/i>\n                            Online                        <\/div>\n                    \n                \n                <h3 class=\"etn-title etn-event-title\"><a href=\"https:\/\/casadefamilia.org.ar\/cursos\/eventos\/metodo-selec\/\">\n                    M\u00e9todo S.E.L.E.C.<\/a>\n                <\/h3>\n                                    <p>\n                        *Entradas con descuento hasta el 9 de septiembre *Descuento especial para grupos de 5 o m\u00e1s personas: 10% off M\u00e9todo                    <\/p>\n                \n                <div class=\"etn-event-footer\">\n                    <div class=\"etn-event-date\">\n                        \t\t\t<span>\n\t\t\t\t<i class=\"etn-icon etn-calendar\"><\/i>\n\t\t\t\t27\/09\/2024\t\t\t<\/span>\n\t\t                    <\/div>\n                    <div class=\"etn-atend-btn\">\n                                                <a href=\"#\"  class=\"etn-btn etn-btn-border etn-event-expired\">Terminado! <\/a>\n                                            <\/div>\n                <\/div>\n            <\/div>\n                        <!-- content end-->\n        <\/div>\n        <!-- etn event item end-->\n    <\/div>\n        <div class=\"etn-col-md-6 etn-col-lg-4\">\n        <div class=\"etn-event-item\">\n            <!-- thumbnail -->\n            <div class=\"etn-event-thumb\">\n                                    <a\n                        href=\"https:\/\/casadefamilia.org.ar\/cursos\/eventos\/acompanamiento-terapeutico-a-domicilio\/\"\n                        aria-label=\"Cursos\"\n                    >\n                        <img decoding=\"async\" src=\"https:\/\/casadefamilia.org.ar\/cursos\/wp-content\/uploads\/2024\/08\/BG-portada.jpg\" alt=\"Image\">\n                    <\/a>\n                \n                <div class=\"etn-event-category\">\n                    <span>Online<\/span>                 <\/div>\n                            <\/div>\n            <!-- thumbnail start-->\n\n            <!-- content start-->\n            <div class=\"etn-event-content\">\n                                    \n                \n                <h3 class=\"etn-title etn-event-title\"><a href=\"https:\/\/casadefamilia.org.ar\/cursos\/eventos\/acompanamiento-terapeutico-a-domicilio\/\">\n                    Acompa\u00f1amiento terap\u00e9utico a domicilio<\/a>\n                <\/h3>\n                                    <p>\n                        Este curso est\u00e1 dise\u00f1ado para brindarte las herramientas y estrategias que necesit\u00e1s para optimizar la intervenci\u00f3n terap\u00e9utica en el entorno                    <\/p>\n                \n                <div class=\"etn-event-footer\">\n                    <div class=\"etn-event-date\">\n                        \t\t\t<span>\n\t\t\t\t<i class=\"etn-icon etn-calendar\"><\/i>\n\t\t\t\t24\/08\/2024\t\t\t<\/span>\n\t\t                    <\/div>\n                    <div class=\"etn-atend-btn\">\n                                                <a href=\"#\"  class=\"etn-btn etn-btn-border etn-event-expired\">Terminado! <\/a>\n                                            <\/div>\n                <\/div>\n            <\/div>\n                        <!-- content end-->\n        <\/div>\n        <!-- etn event item end-->\n    <\/div>\n        <div class=\"etn-col-md-6 etn-col-lg-4\">\n        <div class=\"etn-event-item\">\n            <!-- thumbnail -->\n            <div class=\"etn-event-thumb\">\n                                    <a\n                        href=\"https:\/\/casadefamilia.org.ar\/cursos\/eventos\/abordaje-educativo-terapeutico-del-autismo-nivel-1\/\"\n                        aria-label=\"Cursos\"\n                    >\n                        <img loading=\"lazy\" decoding=\"async\" width=\"1024\" height=\"682\" src=\"https:\/\/casadefamilia.org.ar\/cursos\/wp-content\/uploads\/2024\/06\/WhatsApp-Image-2024-06-26-at-16.23.57-1024x682.jpeg\" class=\"attachment-large size-large wp-post-image\" alt=\"\" srcset=\"https:\/\/casadefamilia.org.ar\/cursos\/wp-content\/uploads\/2024\/06\/WhatsApp-Image-2024-06-26-at-16.23.57-1024x682.jpeg 1024w, https:\/\/casadefamilia.org.ar\/cursos\/wp-content\/uploads\/2024\/06\/WhatsApp-Image-2024-06-26-at-16.23.57-300x200.jpeg 300w, https:\/\/casadefamilia.org.ar\/cursos\/wp-content\/uploads\/2024\/06\/WhatsApp-Image-2024-06-26-at-16.23.57-768x512.jpeg 768w, https:\/\/casadefamilia.org.ar\/cursos\/wp-content\/uploads\/2024\/06\/WhatsApp-Image-2024-06-26-at-16.23.57-1536x1023.jpeg 1536w, https:\/\/casadefamilia.org.ar\/cursos\/wp-content\/uploads\/2024\/06\/WhatsApp-Image-2024-06-26-at-16.23.57-1000x666.jpeg 1000w, https:\/\/casadefamilia.org.ar\/cursos\/wp-content\/uploads\/2024\/06\/WhatsApp-Image-2024-06-26-at-16.23.57-230x153.jpeg 230w, https:\/\/casadefamilia.org.ar\/cursos\/wp-content\/uploads\/2024\/06\/WhatsApp-Image-2024-06-26-at-16.23.57-350x233.jpeg 350w, https:\/\/casadefamilia.org.ar\/cursos\/wp-content\/uploads\/2024\/06\/WhatsApp-Image-2024-06-26-at-16.23.57-480x320.jpeg 480w, https:\/\/casadefamilia.org.ar\/cursos\/wp-content\/uploads\/2024\/06\/WhatsApp-Image-2024-06-26-at-16.23.57-800x533.jpeg 800w, https:\/\/casadefamilia.org.ar\/cursos\/wp-content\/uploads\/2024\/06\/WhatsApp-Image-2024-06-26-at-16.23.57.jpeg 1600w\" sizes=\"auto, (max-width: 1024px) 100vw, 1024px\" \/>                    <\/a>\n                \n                <div class=\"etn-event-category\">\n                    <span>Online<\/span>                 <\/div>\n                            <\/div>\n            <!-- thumbnail start-->\n\n            <!-- content start-->\n            <div class=\"etn-event-content\">\n                                    \n                \n                <h3 class=\"etn-title etn-event-title\"><a href=\"https:\/\/casadefamilia.org.ar\/cursos\/eventos\/abordaje-educativo-terapeutico-del-autismo-nivel-1\/\">\n                    Abordaje Educativo Terap\u00e9utico del Autismo \u2013 Nivel 1<\/a>\n                <\/h3>\n                                    <p>\n                        Modalidad: Online- Sincr\u00f3nico- Te\u00f3rico.&nbsp;*Con ejercicios pr\u00e1cticos sobre videos y uso de escalas de observaci\u00f3n. Destinatarios: profesionales de la salud y                    <\/p>\n                \n                <div class=\"etn-event-footer\">\n                    <div class=\"etn-event-date\">\n                        \t\t\t<span>\n\t\t\t\t<i class=\"etn-icon etn-calendar\"><\/i>\n\t\t\t\t27\/07\/2024\t\t\t<\/span>\n\t\t                    <\/div>\n                    <div class=\"etn-atend-btn\">\n                                                <a href=\"#\"  class=\"etn-btn etn-btn-border etn-event-expired\">Terminado! <\/a>\n                                            <\/div>\n                <\/div>\n            <\/div>\n                        <!-- content end-->\n        <\/div>\n        <!-- etn event item end-->\n    <\/div>\n        <div class=\"etn-col-md-6 etn-col-lg-4\">\n        <div class=\"etn-event-item\">\n            <!-- thumbnail -->\n            <div class=\"etn-event-thumb\">\n                                    <a\n                        href=\"https:\/\/casadefamilia.org.ar\/cursos\/eventos\/entrenamiento-en-habilidades-sociales-y-de-la-comunicacion\/\"\n                        aria-label=\"Cursos\"\n                    >\n                        <img loading=\"lazy\" decoding=\"async\" width=\"1024\" height=\"576\" src=\"https:\/\/casadefamilia.org.ar\/cursos\/wp-content\/uploads\/2024\/05\/chicos-jugando1-1024x576.jpg\" class=\"attachment-large size-large wp-post-image\" alt=\"\" srcset=\"https:\/\/casadefamilia.org.ar\/cursos\/wp-content\/uploads\/2024\/05\/chicos-jugando1-1024x576.jpg 1024w, https:\/\/casadefamilia.org.ar\/cursos\/wp-content\/uploads\/2024\/05\/chicos-jugando1-300x169.jpg 300w, https:\/\/casadefamilia.org.ar\/cursos\/wp-content\/uploads\/2024\/05\/chicos-jugando1-768x432.jpg 768w, https:\/\/casadefamilia.org.ar\/cursos\/wp-content\/uploads\/2024\/05\/chicos-jugando1-1536x864.jpg 1536w, https:\/\/casadefamilia.org.ar\/cursos\/wp-content\/uploads\/2024\/05\/chicos-jugando1-1000x563.jpg 1000w, https:\/\/casadefamilia.org.ar\/cursos\/wp-content\/uploads\/2024\/05\/chicos-jugando1-230x129.jpg 230w, https:\/\/casadefamilia.org.ar\/cursos\/wp-content\/uploads\/2024\/05\/chicos-jugando1-350x197.jpg 350w, https:\/\/casadefamilia.org.ar\/cursos\/wp-content\/uploads\/2024\/05\/chicos-jugando1-480x270.jpg 480w, https:\/\/casadefamilia.org.ar\/cursos\/wp-content\/uploads\/2024\/05\/chicos-jugando1-800x450.jpg 800w, https:\/\/casadefamilia.org.ar\/cursos\/wp-content\/uploads\/2024\/05\/chicos-jugando1.jpg 1600w\" sizes=\"auto, (max-width: 1024px) 100vw, 1024px\" \/>                    <\/a>\n                \n                <div class=\"etn-event-category\">\n                    <span>Presencial<\/span>                 <\/div>\n                            <\/div>\n            <!-- thumbnail start-->\n\n            <!-- content start-->\n            <div class=\"etn-event-content\">\n                                    \n                \n                <h3 class=\"etn-title etn-event-title\"><a href=\"https:\/\/casadefamilia.org.ar\/cursos\/eventos\/entrenamiento-en-habilidades-sociales-y-de-la-comunicacion\/\">\n                    Entrenamiento en habilidades sociales y de la comunicaci\u00f3n<\/a>\n                <\/h3>\n                                    <p>\n                        \u00a1Aprovech\u00e1 el precio promocional de grupo! Adquiriendo 3 entradas o m\u00e1s, acced\u00e9s a un 10% de descuento. \u00bfPara qu\u00e9 son                    <\/p>\n                \n                <div class=\"etn-event-footer\">\n                    <div class=\"etn-event-date\">\n                        \t\t\t<span>\n\t\t\t\t<i class=\"etn-icon etn-calendar\"><\/i>\n\t\t\t\t29\/06\/2024\t\t\t<\/span>\n\t\t                    <\/div>\n                    <div class=\"etn-atend-btn\">\n                                                <a href=\"#\"  class=\"etn-btn etn-btn-border etn-event-expired\">Terminado! <\/a>\n                                            <\/div>\n                <\/div>\n            <\/div>\n                        <!-- content end-->\n        <\/div>\n        <!-- etn event item end-->\n    <\/div>\n        <div class=\"etn-col-md-6 etn-col-lg-4\">\n        <div class=\"etn-event-item\">\n            <!-- thumbnail -->\n            <div class=\"etn-event-thumb\">\n                                    <a\n                        href=\"https:\/\/casadefamilia.org.ar\/cursos\/eventos\/https-casadefamilia-org-ar-cursos-eventos-curso-introductorio-dir-floortime\/\"\n                        aria-label=\"Cursos\"\n                    >\n                        <img decoding=\"async\" src=\"https:\/\/casadefamilia.org.ar\/cursos\/wp-content\/uploads\/2023\/12\/AdobeStock_352429252-min-1-scaled1.jpeg\" alt=\"Image\">\n                    <\/a>\n                \n                <div class=\"etn-event-category\">\n                    <span>Online<\/span>                 <\/div>\n                            <\/div>\n            <!-- thumbnail start-->\n\n            <!-- content start-->\n            <div class=\"etn-event-content\">\n                                    \n                \n                <h3 class=\"etn-title etn-event-title\"><a href=\"https:\/\/casadefamilia.org.ar\/cursos\/eventos\/https-casadefamilia-org-ar-cursos-eventos-curso-introductorio-dir-floortime\/\">\n                    Curso Introductorio: DIR FLOORTIME<\/a>\n                <\/h3>\n                                    <p>\n                        El curso introductorio en el Modelo DIR convoca a todos los participantes a una capacitaci\u00f3n din\u00e1mica en un modelo de                    <\/p>\n                \n                <div class=\"etn-event-footer\">\n                    <div class=\"etn-event-date\">\n                        \t\t\t<span>\n\t\t\t\t<i class=\"etn-icon etn-calendar\"><\/i>\n\t\t\t\t11\/04\/2024\t\t\t<\/span>\n\t\t                    <\/div>\n                    <div class=\"etn-atend-btn\">\n                                                <a href=\"#\"  class=\"etn-btn etn-btn-border etn-event-expired\">Terminado! <\/a>\n                                            <\/div>\n                <\/div>\n            <\/div>\n                        <!-- content end-->\n        <\/div>\n        <!-- etn event item end-->\n    <\/div>\n        <div class=\"etn-col-md-6 etn-col-lg-4\">\n        <div class=\"etn-event-item\">\n            <!-- thumbnail -->\n            <div class=\"etn-event-thumb\">\n                                    <a\n                        href=\"https:\/\/casadefamilia.org.ar\/cursos\/eventos\/entrenamiento-en-el-metodo-selec-lectura-y-escritura-para-personas-con-discapacidad-intelectual\/\"\n                        aria-label=\"Cursos\"\n                    >\n                        <img loading=\"lazy\" decoding=\"async\" width=\"1024\" height=\"683\" src=\"https:\/\/casadefamilia.org.ar\/cursos\/wp-content\/uploads\/2023\/07\/retrato-nina-juego-1024x683.jpg\" class=\"attachment-large size-large wp-post-image\" alt=\"\" srcset=\"https:\/\/casadefamilia.org.ar\/cursos\/wp-content\/uploads\/2023\/07\/retrato-nina-juego-1024x683.jpg 1024w, https:\/\/casadefamilia.org.ar\/cursos\/wp-content\/uploads\/2023\/07\/retrato-nina-juego-300x200.jpg 300w, https:\/\/casadefamilia.org.ar\/cursos\/wp-content\/uploads\/2023\/07\/retrato-nina-juego-768x512.jpg 768w, https:\/\/casadefamilia.org.ar\/cursos\/wp-content\/uploads\/2023\/07\/retrato-nina-juego-1000x667.jpg 1000w, https:\/\/casadefamilia.org.ar\/cursos\/wp-content\/uploads\/2023\/07\/retrato-nina-juego-230x153.jpg 230w, https:\/\/casadefamilia.org.ar\/cursos\/wp-content\/uploads\/2023\/07\/retrato-nina-juego-350x233.jpg 350w, https:\/\/casadefamilia.org.ar\/cursos\/wp-content\/uploads\/2023\/07\/retrato-nina-juego-480x320.jpg 480w, https:\/\/casadefamilia.org.ar\/cursos\/wp-content\/uploads\/2023\/07\/retrato-nina-juego-800x533.jpg 800w, https:\/\/casadefamilia.org.ar\/cursos\/wp-content\/uploads\/2023\/07\/retrato-nina-juego.jpg 1500w\" sizes=\"auto, (max-width: 1024px) 100vw, 1024px\" \/>                    <\/a>\n                \n                <div class=\"etn-event-category\">\n                    <span>Presencial<\/span>                 <\/div>\n                            <\/div>\n            <!-- thumbnail start-->\n\n            <!-- content start-->\n            <div class=\"etn-event-content\">\n                                    \n                \n                <h3 class=\"etn-title etn-event-title\"><a href=\"https:\/\/casadefamilia.org.ar\/cursos\/eventos\/entrenamiento-en-el-metodo-selec-lectura-y-escritura-para-personas-con-discapacidad-intelectual\/\">\n                    Entrenamiento en el m\u00e9todo S.E.L.E.C \u00ae: lectura y escritura para personas con discapacidad intelectual<\/a>\n                <\/h3>\n                                    <p>\n                        Capacitaci\u00f3n y entrenamiento en las dos etapas ( Etapa Global y Etapa Sil\u00e1bica) de la aplicaci\u00f3n del M\u00e9todo SELEC\u00ae para                    <\/p>\n                \n                <div class=\"etn-event-footer\">\n                    <div class=\"etn-event-date\">\n                        \t\t\t<span>\n\t\t\t\t<i class=\"etn-icon etn-calendar\"><\/i>\n\t\t\t\t15\/09\/2023\t\t\t<\/span>\n\t\t                    <\/div>\n                    <div class=\"etn-atend-btn\">\n                                                <a href=\"#\"  class=\"etn-btn etn-btn-border etn-event-expired\">Terminado! <\/a>\n                                            <\/div>\n                <\/div>\n            <\/div>\n                        <!-- content end-->\n        <\/div>\n        <!-- etn event item end-->\n    <\/div>\n    <\/div>\n\n        <\/div>\n        ","protected":false},"excerpt":{"rendered":"","protected":false},"author":1,"featured_media":0,"parent":0,"menu_order":0,"comment_status":"closed","ping_status":"closed","template":"","meta":{"footnotes":""},"class_list":["post-69","page","type-page","status-publish","hentry"],"_links":{"self":[{"href":"https:\/\/casadefamilia.org.ar\/cursos\/wp-json\/wp\/v2\/pages\/69","targetHints":{"allow":["GET"]}}],"collection":[{"href":"https:\/\/casadefamilia.org.ar\/cursos\/wp-json\/wp\/v2\/pages"}],"about":[{"href":"https:\/\/casadefamilia.org.ar\/cursos\/wp-json\/wp\/v2\/types\/page"}],"author":[{"embeddable":true,"href":"https:\/\/casadefamilia.org.ar\/cursos\/wp-json\/wp\/v2\/users\/1"}],"replies":[{"embeddable":true,"href":"https:\/\/casadefamilia.org.ar\/cursos\/wp-json\/wp\/v2\/comments?post=69"}],"version-history":[{"count":15,"href":"https:\/\/casadefamilia.org.ar\/cursos\/wp-json\/wp\/v2\/pages\/69\/revisions"}],"predecessor-version":[{"id":273,"href":"https:\/\/casadefamilia.org.ar\/cursos\/wp-json\/wp\/v2\/pages\/69\/revisions\/273"}],"wp:attachment":[{"href":"https:\/\/casadefamilia.org.ar\/cursos\/wp-json\/wp\/v2\/media?parent=69"}],"curies":[{"name":"wp","href":"https:\/\/api.w.org\/{rel}","templated":true}]}}