{"id":686,"date":"2024-08-21T10:43:23","date_gmt":"2024-08-21T13:43:23","guid":{"rendered":"https:\/\/casadefamilia.org.ar\/cursos\/?post_type=etn&#038;p=686"},"modified":"2025-07-02T07:00:35","modified_gmt":"2025-07-02T10:00:35","slug":"metodo-selec","status":"publish","type":"etn","link":"https:\/\/casadefamilia.org.ar\/cursos\/eventos\/metodo-selec\/","title":{"rendered":"M\u00e9todo S.E.L.E.C."},"content":{"rendered":"\n<p><span style=\"padding:1.15rem;text-align:center;font-size:1.05rem;background-color:#ff4f00;color:white;font-weight:700;margin-bottom:15px;border-radius:.25rem;line-height: 1.45\">*Entradas con descuento hasta el 9 de septiembre<\/span><\/p>\n\n\n\n<p><span style=\"padding:1.15rem;text-align:center;font-size:1.05rem;background-color:#ff4f00;color:white;font-weight:700;margin-bottom:40px;border-radius:.25rem;line-height: 1.45\">*Descuento especial para grupos de 5 o m\u00e1s personas: 10% off<\/span><\/p>\n\n\n\n<p><strong>M\u00e9todo de alfabetizaci\u00f3n para personas con discapacidad intelectual.<\/strong><\/p>\n\n\n\n<p>Descripci\u00f3n capacitaci\u00f3n y entrenamiento en la aplicaci\u00f3n de las dos etapas del M\u00e9todo S.E.L.E.C (Etapa Global y Etapa Sil\u00e1bica), en ambos procesos de la alfabetizaci\u00f3n: Lectura y Escritura.<\/p>\n\n\n\n<h4 class=\"wp-block-heading\">Fechas y horarios:<\/h4>\n\n\n\n<p>Viernes 27 de septiembre de 14 a 20 hs.<br>S\u00e1bado 28 de septiembre de 8.30 a 14.30 hs.<\/p>\n\n\n\n<h4 class=\"wp-block-heading\">Precios:<\/h4>\n\n\n\n<p><strong>Precio promocional:<\/strong> $70.000 hasta el 9 de septiembre<br><strong>Precio regular:<\/strong> $75.000 a partir del 9 de septiembre<br><strong>Promoci\u00f3n grupos:<\/strong> 10% en compras de 5 o m\u00e1s personas<\/p>\n\n\n\n<h4 class=\"wp-block-heading\">Destinado a:<\/h4>\n\n\n\n<p>Fonoaudi\u00f3logos, Psicopedagogos, Profesores en Educaci\u00f3n Especial, Licenciados en Ciencias de la Educaci\u00f3n, Terapistas Ocupacionales, Psic\u00f3logos, otras carreras afines.<\/p>\n\n\n\n<h4 class=\"wp-block-heading\">Temario:<\/h4>\n\n\n\n<ul class=\"wp-block-list\">\n<li>Presentaci\u00f3n del M\u00e9todo<\/li>\n\n\n\n<li>Procesamiento de la Lectura. Acercamiento Neuropsicol\u00f3gico<\/li>\n\n\n\n<li>Metodolog\u00eda aconsejable para la alfabetizaci\u00f3n en las personas con discapacidad intelectual<\/li>\n\n\n\n<li>Evaluaci\u00f3n&nbsp; previa a la iniciaci\u00f3n del M\u00e9todo<\/li>\n\n\n\n<li>Pre requisitos de la lectoescritura<\/li>\n\n\n\n<li>Mobiliario favorecedor para la ense\u00f1anza de la lectoescritura.<\/li>\n\n\n\n<li>Material para el M\u00e9todo S.E.L.E.C<\/li>\n\n\n\n<li>Iniciaci\u00f3n del M\u00e9todo: Etapa Global, Alfabeto de goma, Carteles.<\/li>\n\n\n\n<li>Ejercitaci\u00f3n sugerida para la Etapa Global.<\/li>\n\n\n\n<li>Atenci\u00f3n y detecci\u00f3n auditiva de fonemas. Asociaci\u00f3n fonema- grafema.<\/li>\n\n\n\n<li>Procesamiento implicado en la Escritura.&nbsp; Acercamiento Neuropsicol\u00f3gico.<\/li>\n\n\n\n<li>La ense\u00f1anza de la Escritura: primeros pasos. Aprestamiento.<\/li>\n\n\n\n<li>Etapa Sil\u00e1bica del M\u00e9todo. Aplicaci\u00f3n del Fraseo.<\/li>\n\n\n\n<li>Trabajo con oraciones. Procesamiento de las oraciones desde la Neuropsicolog\u00eda. Ejercitaci\u00f3n a nivel de oraciones. Comprensi\u00f3n de preguntas.<\/li>\n\n\n\n<li>Lectura de p\u00e1rrafos y textos breves.<\/li>\n\n\n\n<li>La Escritura en la etapa sil\u00e1bica. Inicio de la escritura aut\u00f3noma<\/li>\n\n\n\n<li>Aplicaci\u00f3n del m\u00e9todo en ni\u00f1os con TEA.<\/li>\n\n\n\n<li>Desarrollo de la funcionalidad de la lectoescritura<\/li>\n\n\n\n<li>Iniciaci\u00f3n del M\u00e9todo en diferentes ocasiones, seg\u00fan conocimientos previos que demuestren los alumnos.<\/li>\n\n\n\n<li>Alfabetizaci\u00f3n en adultos. . La Cursiva: ense\u00f1anza para su lectura.<\/li>\n<\/ul>\n\n\n\n<h2 class=\"wp-block-heading\"><\/h2>\n\n\n\n<h6 class=\"wp-block-heading\">Datos bancarios para realizar tu transferencia bancaria:<\/h6>\n\n\n\n<p><strong>N\u00famero de Cuenta CC en Pesos<\/strong> 718-000555\/5<br><strong>N\u00famero de CBU<\/strong> 0720718320000000055554<br><strong>Alias <\/strong>CASA.DE.FLIA<br><strong>Raz\u00f3n Social<\/strong> FUNDACION CASA DE FAMILIA<br><strong>CUIT\/CUIL <\/strong>30715417118<\/p>\n\n\n\n<p><strong><em>Una vez realizada la transferencia por favor adjunto en un mail el comprobante y envialo a <a href=\"mailto:cursos@casadefamilia.org.ar\">cursos@casadefamilia.org.ar<\/a>.<\/em><\/strong><\/p>\n","protected":false},"excerpt":{"rendered":"<p>*Entradas con descuento hasta el 9 de septiembre *Descuento especial para grupos de 5 o m\u00e1s personas: 10% off M\u00e9todo de alfabetizaci\u00f3n [&hellip;]<\/p>\n","protected":false},"author":1,"featured_media":690,"parent":0,"template":"","etn_category":[31],"etn_tags":[68,73],"class_list":["post-686","etn","type-etn","status-publish","has-post-thumbnail","hentry","etn_category-online","etn_tags-habilidades-sociales","etn_tags-metodo-select"],"_links":{"self":[{"href":"https:\/\/casadefamilia.org.ar\/cursos\/wp-json\/wp\/v2\/etn\/686","targetHints":{"allow":["GET"]}}],"collection":[{"href":"https:\/\/casadefamilia.org.ar\/cursos\/wp-json\/wp\/v2\/etn"}],"about":[{"href":"https:\/\/casadefamilia.org.ar\/cursos\/wp-json\/wp\/v2\/types\/etn"}],"author":[{"embeddable":true,"href":"https:\/\/casadefamilia.org.ar\/cursos\/wp-json\/wp\/v2\/users\/1"}],"wp:featuredmedia":[{"embeddable":true,"href":"https:\/\/casadefamilia.org.ar\/cursos\/wp-json\/wp\/v2\/media\/690"}],"wp:attachment":[{"href":"https:\/\/casadefamilia.org.ar\/cursos\/wp-json\/wp\/v2\/media?parent=686"}],"wp:term":[{"taxonomy":"etn_category","embeddable":true,"href":"https:\/\/casadefamilia.org.ar\/cursos\/wp-json\/wp\/v2\/etn_category?post=686"},{"taxonomy":"etn_tags","embeddable":true,"href":"https:\/\/casadefamilia.org.ar\/cursos\/wp-json\/wp\/v2\/etn_tags?post=686"}],"curies":[{"name":"wp","href":"https:\/\/api.w.org\/{rel}","templated":true}]}}